{"id":1212,"date":"2026-07-19T18:12:57","date_gmt":"2026-07-19T16:12:57","guid":{"rendered":"https:\/\/www.justimpro.info\/?page_id=1212"},"modified":"2026-09-02T18:14:18","modified_gmt":"2026-09-02T16:14:18","slug":"rentree-2026","status":"publish","type":"page","link":"https:\/\/www.justimpro.info\/index.php\/rentree-2026\/","title":{"rendered":"Rentr\u00e9e saison 2026\/27"},"content":{"rendered":"\n<p class=\"wp-block-paragraph\"><strong>Pr\u00e9misse<\/strong> propose de d\u00e9couvrir et d&rsquo;explorer chaque semaine les m\u00e9caniques de l&rsquo;impro \u00e0 Saint-Malo et Ch\u00e2teauneuf<\/p>\n\n\n\n<p class=\"wp-block-paragraph\"><mark style=\"background-color:rgba(0, 0, 0, 0)\" class=\"has-inline-color has-vivid-red-color\"><strong>Ch\u00e2teauneuf d&rsquo;Ille et Vilaine<\/strong><\/mark><\/p>\n\n\n\n<p class=\"wp-block-paragraph\"><strong>Lundi<\/strong> &#8211; Salle des associations &#8211; 19-21H &#8211; atelier d\u00e9butant &#8211; \u00e0 partir du 14 Septembre 2026 &#8211; Salle des associations, L\u2019\u00e9pinette (derri\u00e8re la salle Castel No\u00eb)<\/p>\n\n\n\n<hr class=\"wp-block-separator has-alpha-channel-opacity\"\/>\n\n\n\n<p class=\"wp-block-paragraph\"><strong><mark style=\"background-color:rgba(0, 0, 0, 0)\" class=\"has-inline-color has-vivid-red-color\">Saint Malo<\/mark><\/strong><\/p>\n\n\n\n<p class=\"wp-block-paragraph\"><strong>Mardi<\/strong> &#8211; Marne l\u2019Eveil &#8211; St Malo\u00a0&#8211; 19-21h30 &#8211; atelier avanc\u00e9 &#8211; \u00e0 partir du 15 Septembre 2026 &#8211; Maison de quartier de Marne-\u00c9veil, 52 Rue Monsieur Vincent<\/p>\n\n\n\n<p class=\"wp-block-paragraph\"><\/p>\n\n\n\n<p class=\"wp-block-paragraph\"><strong>Jeudi<\/strong> &#8211; L\u2019Esp\u00e9rance &#8211; St Malo\u00a0 &#8211; 19-22H &#8211; atelier d\u00e9butant &#8211; \u00e0 partir du 17 Septembre 2026 &#8211;   Maison de quartier Cottages-Esp\u00e9rance, 4 Rue F\u00e9licit\u00e9 Renault &#8211; St Malo<\/p>\n\n\n\n<p class=\"wp-block-paragraph\"><\/p>\n\n\n\n<hr class=\"wp-block-separator has-alpha-channel-opacity\"\/>\n\n\n\n<p class=\"has-text-align-center wp-block-paragraph\"><strong><mark style=\"background-color:rgba(0, 0, 0, 0)\" class=\"has-inline-color has-vivid-red-color\">Les ateliers sont ouverts \u00e0 tous et gratuit en septembre<\/mark><\/strong><\/p>\n\n\n\n<hr class=\"wp-block-separator has-alpha-channel-opacity\"\/>\n\n\n\n<p class=\"wp-block-paragraph\">Tarif par atelier : 8,50 \u20ac\/personne (306 \u20ac\/an) + 15 \u20ac d\u2019adh\u00e9sion<\/p>\n\n\n\n<p class=\"wp-block-paragraph\">Atelier hebdomadaire &#8211; dur\u00e9e 2H\/2H30<\/p>\n\n\n\n<p class=\"wp-block-paragraph\">10\/12 participants<\/p>\n\n\n\n<p class=\"wp-block-paragraph\">E-mail : premisse@justimpro.info <\/p>\n\n\n\n<p class=\"wp-block-paragraph\"><a href=\"https:\/\/www.facebook.com\/profile.php?id=61575848349493\" target=\"_blank\" rel=\"noopener\">https:\/\/www.facebook.com\/profile.php?id=61575848349493<\/a><\/p>\n\n\n\n<p class=\"wp-block-paragraph\"><\/p>\n","protected":false},"excerpt":{"rendered":"<p>Pr\u00e9misse propose de d\u00e9couvrir et d&rsquo;explorer chaque semaine les m\u00e9caniques de l&rsquo;impro \u00e0 Saint-Malo et Ch\u00e2teauneuf Ch\u00e2teauneuf d&rsquo;Ille et Vilaine Lundi &#8211; Salle des associations &#8211; 19-21H &#8211; atelier d\u00e9butant &#8211; \u00e0 partir du 14 Septembre 2026 &#8211; Salle des associations, L\u2019\u00e9pinette (derri\u00e8re la salle Castel No\u00eb) Saint Malo Mardi &#8211; Marne l\u2019Eveil &#8211; St &hellip; <\/p>\n<p class=\"link-more\"><a href=\"https:\/\/www.justimpro.info\/index.php\/rentree-2026\/\" class=\"more-link\">Continuer la lecture<span class=\"screen-reader-text\"> de &laquo;&nbsp;Rentr\u00e9e saison 2026\/27&nbsp;&raquo;<\/span><\/a><\/p>\n","protected":false},"author":1,"featured_media":0,"parent":0,"menu_order":0,"comment_status":"closed","ping_status":"closed","template":"","meta":{"footnotes":""},"class_list":["post-1212","page","type-page","status-publish","hentry"],"_links":{"self":[{"href":"https:\/\/www.justimpro.info\/index.php\/wp-json\/wp\/v2\/pages\/1212","targetHints":{"allow":["GET"]}}],"collection":[{"href":"https:\/\/www.justimpro.info\/index.php\/wp-json\/wp\/v2\/pages"}],"about":[{"href":"https:\/\/www.justimpro.info\/index.php\/wp-json\/wp\/v2\/types\/page"}],"author":[{"embeddable":true,"href":"https:\/\/www.justimpro.info\/index.php\/wp-json\/wp\/v2\/users\/1"}],"replies":[{"embeddable":true,"href":"https:\/\/www.justimpro.info\/index.php\/wp-json\/wp\/v2\/comments?post=1212"}],"version-history":[{"count":16,"href":"https:\/\/www.justimpro.info\/index.php\/wp-json\/wp\/v2\/pages\/1212\/revisions"}],"predecessor-version":[{"id":1412,"href":"https:\/\/www.justimpro.info\/index.php\/wp-json\/wp\/v2\/pages\/1212\/revisions\/1412"}],"wp:attachment":[{"href":"https:\/\/www.justimpro.info\/index.php\/wp-json\/wp\/v2\/media?parent=1212"}],"curies":[{"name":"wp","href":"https:\/\/api.w.org\/{rel}","templated":true}]}}